{"id":3,"date":"2020-10-10T11:13:46","date_gmt":"2020-10-10T11:13:46","guid":{"rendered":"http:\/\/scnucet.ro\/?page_id=3"},"modified":"2023-04-26T12:57:32","modified_gmt":"2023-04-26T09:57:32","slug":"privacy-policy","status":"publish","type":"page","link":"https:\/\/scnucet.ro\/index.php\/privacy-policy\/","title":{"rendered":"Scoala Nucet"},"content":{"rendered":"\n<h3 class=\"has-text-align-center has-accent-color has-text-color wp-block-heading\"><strong>BINE A\u021aI VENIT, LA \u0218COALA GIMNAZIAL\u0102 NUCET!<\/strong><\/h3>\n\n\n\n<p>\u015eCOALA NUCET a luat fiin\u0163\u0103 \u00een 1838, cursurile se desf\u0103\u015furau \u00eentr-un local cu dou\u0103 od\u0103i \u015fi o sal\u0103. Dup\u0103 redeschiderea \u015fcolilor, \u00een 1857, se \u00eenchiriaz\u0103 o cas\u0103 particular\u0103 pentru desf\u0103\u015furarea procesului de \u00eenv\u0103\u0163\u0103m\u00e2nt. La sf\u00e2r\u015fitul sec. XIX func\u0163iona o \u015fcoal\u0103 cu un \u00eenv\u0103\u0163\u0103tor. Dup\u0103 primul r\u0103zboi mondial \u015fcoala func\u0163iona cu 4 posturi de \u00eenv\u0103\u0163\u0103tor, local insuficient ca spa\u0163iu \u015fi care avea nevoie de cel pu\u0163in o sal\u0103 \u00een plus, unde s\u0103 poat\u0103 func\u0163iona \u015fi cursuri pentru adul\u0163i.<\/p>\n\n\n\n<p>\u00a0\u00a0\u00a0\u00a0\u00a0\u00a0\u00a0 Prima m\u0103rturie referitoare la procesul de \u00eenv\u0103\u0163\u0103m\u00e2nt la ciclul primar pe raza comunei Nucet este &#8222;Condica de prezen\u0163\u0103 \u015fi lec\u0163iuni&#8221; din 1889 &#8211; Ministerul Cultelor \u015fi Instruc\u0163iunei Publice. Condica poart\u0103 \u015ftampila din 1867 &#8211; Regatul Rom\u00e2niei, jude\u0163ul D\u00e2mbovi\u0163a, comuna Cazaci. \u00cen februarie 1894 prim\u0103ria se mut\u0103 la Nucet \u015fi devine Prim\u0103ria Cazaci-Nucet.<\/p>\n\n\n\n<p>&nbsp;&nbsp;&nbsp;&nbsp;&nbsp;&nbsp;&nbsp;&nbsp; \u00cen 1889 obiectele de studiu erau: scris-citit, religia, aritmetica, istoria, geografia, gramatica, naturale.<\/p>\n\n\n\n<p>\u00a0\u00a0\u00a0\u00a0\u00a0\u00a0\u00a0\u00a0 Condicile vremii reprezint\u0103 o important\u0103 surs\u0103 de informa\u0163ii despre via\u0163a comunei, str\u00e2ns legat\u0103 de via\u0163a \u015fcolii. La 24 februarie 1905 &#8222;la ora 2 p.m. am plecat la Prim\u0103rie, ca s\u0103 iau parte \u00een comisiunea pentru alinierea satelor&#8221;, consemneaz\u0103 \u00eenv\u0103\u0163\u0103torul R. lonescu. \u00cen acela\u015fi an elevii sus\u0163in examen la istorie, geografie, religie, aritmetic\u0103, gramatic\u0103, citire. \u00cen anul 1907 \u015fcoala este \u00eenchis\u0103 \u00een perioada 11-12 octombrie \u201e<em>conform ordinului telefonic dat de D-l Revizor \u015fcolar, fiind epidemie de pojar&#8221;<\/em>. Din anul 1908 exist\u0103 consemnat\u0103 \u00een condic\u0103 ora de instruc\u0163ie militar\u0103. Educa\u0163ia patriotic\u0103 \u00een \u015fcoli este introdus\u0103 \u00een scopul form\u0103rii de buni cet\u0103\u0163eni, care s\u0103 iubeasc\u0103 \u0163ara \u015fi s\u0103 aib\u0103 \u00eencredere \u00een viitorul ei.<\/p>\n\n\n\n<p>&nbsp;&nbsp;&nbsp;&nbsp;&nbsp;&nbsp;&nbsp; Din consemn\u0103rile anului 1912 afl\u0103m de existenta unei B\u0103nci locale Nucet care apar\u0163ine de Banca Popular\u0103 \u015fi ale c\u0103rei lucr\u0103ri se \u00eencheie la 10-11 februarie 1912.<\/p>\n\n\n\n<p>\u00a0\u00a0\u00a0\u00a0\u00a0\u00a0\u00a0 Anul \u015fcolar 1913-1914 g\u0103se\u015fte \u015ecoala Nucet ca av\u00e2nd numai curs primar. Directorul vremii, \u00eenv\u0103\u021b\u0103torul R. lonescu consemneaz\u0103 la 5 septembrie 1914:<em>\u00a0\u201eNu s-a deschis \u015fcoala pe ziua de 1 septembre, din cauz\u0103 c\u0103 localul, construc\u0163ie nou\u0103, n-a fost luat \u00een primire de serviciul tehnic al jude\u0163ului dec\u00e2t pe ziua de 4 septembre 1914&#8243;.<\/em><\/p>\n\n\n\n<p>\u00a0\u00a0\u00a0\u00a0\u00a0\u00a0\u00a0\u00a0 Anul este legat de evenimentele vremii. \u201e<em>Cursul suspendat, ca respect pentru moartea marelui b\u0103rbat de stat, Dimitrie A.Sturza&#8221;,\u00a0<\/em>consemneaz\u0103 acela\u015fi director R. lonescu la 10 octombrie 1914.<\/p>\n\n\n\n<p>\u00a0\u00a0\u00a0\u00a0\u00a0\u00a0\u00a0\u00a0\u00a0 La 11 noiembrie 1940, corpul didactic \u201ede la<em>\u00a0aceast\u0103 \u015fcoal\u0103, \u00eentruni\u0163i \u00een localul \u015fcoalei, am constatat urm\u0103toarele: Din cauza cutremurului de p\u0103m\u00e2nt s<\/em>\u00a0a<em>\u00a0surpat tencuiala de pe tavan \u015fi pere\u0163i \u015fi fiindc\u0103 localul necesit\u0103 cur\u0103\u0163enie \u015fi verificarea zidurilor, am hot\u0103r\u00e2t suspendarea cursurilor pentru ziua de 11 nov. a.c Totodat\u0103 se va interveni pe l\u00e2ng\u0103 prim\u0103ria comunei pentru a se face de urgen\u0163\u0103 repara\u0163iile mici ce necesit\u0103 localul din cauza cutremurului&#8221;.<\/em><\/p>\n\n\n\n<p>&nbsp;&nbsp;&nbsp;&nbsp;&nbsp;&nbsp;&nbsp;&nbsp;&nbsp; Pe l\u00e2ng\u0103 obiectele din program\u0103 elevii aveau \u015fi<em>&nbsp;\u201ealte activit\u0103\u0163i \u00een afara orelor de clas\u0103: str\u0103jerie, lucr\u0103ri \u00een atelier, gr\u0103din\u0103 \u015fi gospod\u0103rie, serb\u0103ri \u015fi \u015fez\u0103tori \u015fcolare, premilit\u0103rie, farmacie \u015fcolar\u0103, cooperativ\u0103 \u015fcolar\u0103, biserica&#8221;.<\/em><\/p>\n\n\n\n<p>&nbsp;&nbsp;&nbsp;&nbsp;&nbsp;&nbsp;&nbsp;&nbsp;&nbsp; \u00cen 1941 cursurile sunt din nou suspendate \u201e<em>av\u00e2nd \u00een vedere c\u0103 \u00eentregul local de \u015fcoal\u0103 a fost ocupat de trupele germane ce se aflau \u00een trecere prin aceast\u0103 comun\u0103 dar cari totu\u015fi au sta\u0163ionat \u015fi cantonat&nbsp;<\/em><em>\u00een localul \u015fcoalei de la 21 februarie 1941 \u015fi p\u00e2n\u0103 la 28 februarie, inclusiv&#8221;.<\/em><\/p>\n\n\n\n<p>&nbsp;&nbsp;&nbsp;&nbsp;&nbsp;&nbsp;&nbsp;&nbsp;&nbsp; De\u015fi scriau \u00eenc\u0103 pe t\u0103bli\u0163e, \u00een 10-11 iunie 1941 are ioc examenul de absolvire pentru clasa a Vlll-a,<em>&nbsp;\u201esub prezen\u0163ia Dl. Subinspector \u015ecolar Alexandru Popescu&#8221;.<\/em><\/p>\n\n\n\n<p>&nbsp;&nbsp;&nbsp;&nbsp;&nbsp;&nbsp;&nbsp;&nbsp;&nbsp;&nbsp; La data de 14 iulie 1941 \u201eS-a<em>&nbsp;intervenit la Inspectoratul \u015fcolar D\u00e2mbovi\u0163a \u015fi Serviciul Tehnic pentru a ne face un deviz de lucr\u0103rile ce ar necesita \u015fcoala pentru a fi renovat\u0103, (director \u00eenv\u0103\u0163\u0103tor Serghei \u015etef\u0103nescu- numit director prin ordinul nr. 396 din 1941).<\/em><\/p>\n\n\n\n<p>&nbsp;&nbsp;&nbsp;&nbsp;&nbsp;&nbsp;&nbsp;&nbsp;&nbsp;&nbsp;&nbsp; \u00cen acela\u015fi an, la 20 iulie se suspend\u0103 cursurile \u015fi se se ia parte&nbsp;<em>la \u201eServiciul religios ce s-a oficiat cu ocazia \u00eemplinirii a 4 ani de la moartea Regelui&nbsp;<\/em><em>Ferdinand&nbsp;<\/em><em>\u015fi 3 ani de la moartea Reginei Mam\u0103&#8221;.&nbsp;<\/em>Astfel de comemor\u0103ri au loc \u015fi la 6 octombrie 1914<em>&nbsp;\u201epentru pomenirea Regelui Carol I&#8221;;&#8221; \u00een ultima or\u0103 de curs&#8221;<\/em>din 21 decembrie 1950, c\u00e2nd \u201e<em>s-a s\u0103rb\u0103torit a 71 aniversare a tov. Stalin. \u00een acest scop, elevii ciclului II au fost \u00eentruni\u0163i \u00een sala de clas\u0103&nbsp;<\/em><em>a&nbsp;<\/em><em>cls. V B unde s-a desf\u0103\u015furat serbarea compus\u0103 din coruri, recit\u0103ri \u00een limba rus\u0103 \u015fi rom\u00e2n\u0103, dansuri&#8221;<\/em>&nbsp;sau la data de 15 februarie 1950<em>&nbsp;\u201e\u00een ultima or\u0103 de curs, elevii claselor&nbsp;<\/em><em>del\u00e0&nbsp;<\/em><em>ciclul II au fost \u00eentruni\u0163i \u00eentr-o singur\u0103 sal\u0103 de clas\u0103, cu care ocazie s-au comemorat luptele muncitorilor C.F.R. de la Grivi\u0163a. S-a prelucrat articolul din ziarul Sc\u00e2nteia din 12.II.a.c. conform ordinului Sec\u0163iei \u00eenv\u0103\u0163\u0103m\u00e2nt \u015fi Cultelor al Pl\u0103\u015fii T\u00e2rgovi\u015fte.&#8221;<\/em><\/p>\n\n\n\n<p><\/p>\n","protected":false},"excerpt":{"rendered":"<p>BINE A\u021aI VENIT, LA \u0218COALA GIMNAZIAL\u0102 NUCET! \u015eCOALA NUCET a luat fiin\u0163\u0103 \u00een 1838, cursurile se desf\u0103\u015furau \u00eentr-un local cu dou\u0103 od\u0103i \u015fi o sal\u0103. Dup\u0103 redeschiderea \u015fcolilor, \u00een 1857, se \u00eenchiriaz\u0103 o cas\u0103 particular\u0103 pentru desf\u0103\u015furarea procesului de \u00eenv\u0103\u0163\u0103m\u00e2nt. &hellip; <\/p>\n","protected":false},"author":1,"featured_media":0,"parent":0,"menu_order":0,"comment_status":"closed","ping_status":"closed","template":"","meta":{"_acf_changed":false,"footnotes":""},"class_list":["post-3","page","type-page","status-publish","hentry"],"acf":[],"_links":{"self":[{"href":"https:\/\/scnucet.ro\/index.php\/wp-json\/wp\/v2\/pages\/3","targetHints":{"allow":["GET"]}}],"collection":[{"href":"https:\/\/scnucet.ro\/index.php\/wp-json\/wp\/v2\/pages"}],"about":[{"href":"https:\/\/scnucet.ro\/index.php\/wp-json\/wp\/v2\/types\/page"}],"author":[{"embeddable":true,"href":"https:\/\/scnucet.ro\/index.php\/wp-json\/wp\/v2\/users\/1"}],"replies":[{"embeddable":true,"href":"https:\/\/scnucet.ro\/index.php\/wp-json\/wp\/v2\/comments?post=3"}],"version-history":[{"count":6,"href":"https:\/\/scnucet.ro\/index.php\/wp-json\/wp\/v2\/pages\/3\/revisions"}],"predecessor-version":[{"id":295,"href":"https:\/\/scnucet.ro\/index.php\/wp-json\/wp\/v2\/pages\/3\/revisions\/295"}],"wp:attachment":[{"href":"https:\/\/scnucet.ro\/index.php\/wp-json\/wp\/v2\/media?parent=3"}],"curies":[{"name":"wp","href":"https:\/\/api.w.org\/{rel}","templated":true}]}}